{"id":303,"date":"2023-03-22T20:00:35","date_gmt":"2023-03-22T23:00:35","guid":{"rendered":"http:\/\/tribunadapraia.com.br\/temp\/?page_id=303"},"modified":"2023-04-05T15:36:48","modified_gmt":"2023-04-05T18:36:48","slug":"expediente","status":"publish","type":"page","link":"https:\/\/tribunadapraia.com.br\/?page_id=303","title":{"rendered":"Edi\u00e7\u00e3o digital"},"content":{"rendered":"<p><em>Aqui voc\u00ea confere as capas (primeira p\u00e1gina) e o conte\u00fado das edi\u00e7\u00f5es digitais da TRIBUNA DA PRAIA em PDF.<\/em><\/p>\n<p style=\"text-align: center;\"><img loading=\"lazy\" class=\"alignnone size-medium wp-image-6425\" src=\"https:\/\/tribunadapraia.com.br\/wp-content\/uploads\/2023\/04\/IMG-20230405-WA00671-217x300.jpg\" alt=\"\" width=\"217\" height=\"300\" srcset=\"https:\/\/tribunadapraia.com.br\/wp-content\/uploads\/2023\/04\/IMG-20230405-WA00671-217x300.jpg 217w, https:\/\/tribunadapraia.com.br\/wp-content\/uploads\/2023\/04\/IMG-20230405-WA00671-741x1024.jpg 741w, https:\/\/tribunadapraia.com.br\/wp-content\/uploads\/2023\/04\/IMG-20230405-WA00671-768x1061.jpg 768w, https:\/\/tribunadapraia.com.br\/wp-content\/uploads\/2023\/04\/IMG-20230405-WA00671.jpg 869w\" sizes=\"(max-width: 217px) 100vw, 217px\" \/><\/p>\n<p style=\"text-align: center;\"><a href=\"https:\/\/tribunadapraia.com.br\/wp-content\/uploads\/2023\/04\/TRIBUNA-DA-PRAIA-ABRIL-1.pdf\">TRIBUNA DA PRAIA ABRIL-1<\/a><\/p>\n<p style=\"text-align: center;\"><img loading=\"lazy\" class=\"alignnone size-medium wp-image-6283\" src=\"https:\/\/tribunadapraia.com.br\/wp-content\/uploads\/2023\/03\/IMG-20230322-WA0158-217x300.jpg\" alt=\"\" width=\"217\" height=\"300\" srcset=\"https:\/\/tribunadapraia.com.br\/wp-content\/uploads\/2023\/03\/IMG-20230322-WA0158-217x300.jpg 217w, https:\/\/tribunadapraia.com.br\/wp-content\/uploads\/2023\/03\/IMG-20230322-WA0158-740x1024.jpg 740w, https:\/\/tribunadapraia.com.br\/wp-content\/uploads\/2023\/03\/IMG-20230322-WA0158-768x1063.jpg 768w, https:\/\/tribunadapraia.com.br\/wp-content\/uploads\/2023\/03\/IMG-20230322-WA0158.jpg 925w\" sizes=\"(max-width: 217px) 100vw, 217px\" \/><\/p>\n<p style=\"text-align: center;\"><a href=\"https:\/\/tribunadapraia.com.br\/wp-content\/uploads\/2023\/03\/TRIBUNA-2023.pdf\">TRIBUNA 2023<\/a><\/p>\n<p style=\"text-align: center;\"><img loading=\"lazy\" class=\"alignnone size-medium wp-image-6289\" src=\"https:\/\/tribunadapraia.com.br\/wp-content\/uploads\/2023\/03\/IMG-20230322-WA0200-213x300.jpg\" alt=\"\" width=\"213\" height=\"300\" srcset=\"https:\/\/tribunadapraia.com.br\/wp-content\/uploads\/2023\/03\/IMG-20230322-WA0200-213x300.jpg 213w, https:\/\/tribunadapraia.com.br\/wp-content\/uploads\/2023\/03\/IMG-20230322-WA0200-726x1024.jpg 726w, https:\/\/tribunadapraia.com.br\/wp-content\/uploads\/2023\/03\/IMG-20230322-WA0200-768x1083.jpg 768w, https:\/\/tribunadapraia.com.br\/wp-content\/uploads\/2023\/03\/IMG-20230322-WA0200.jpg 908w\" sizes=\"(max-width: 213px) 100vw, 213px\" \/><\/p>\n<p style=\"text-align: center;\"><a href=\"https:\/\/tribunadapraia.com.br\/wp-content\/uploads\/2023\/03\/TRIBUNA-DA-PRAIA-2019_01.pdf\">TRIBUNA-DA-PRAIA-2019_01<\/a><\/p>\n<p><strong><span style=\"font-size: 18pt;\">TRIBUNA DA PRAIA<\/span><\/strong><\/p>\n<p><em>&#8220;A fun\u00e7\u00e3o da imprensa \u00e9 ser o c\u00e3o-de-guarda, o denunciador incans\u00e1vel dos opressores, o olho onipresente e a boca onipresente do esp\u00edrito do povo que guarda com ci\u00fame sua liberdade. [&#8230;] O dever da imprensa \u00e9 tomar a palavra em favor dos oprimidos a sua volta. [&#8230;] O primeiro dever da imprensa \u00e9 minar todas as bases do sistema pol\u00edtico existente.&#8221;<\/em><\/p>\n<ul>\n<li><span style=\"color: #ff6600;\">por Karl Marx<\/span><\/li>\n<\/ul>\n<p><span style=\"font-size: 14pt;\">Fundado em 23 de agosto de 1983 por ClaudOmir Herzog Tavares. Na internet desde 24 de abril de 2004.\u00a0 No r\u00e1dio desde 07 de setembro de 2022. Inscrito sob o n\u00ba 286 do Livro B03, fls 117 do Registro de T\u00edtulos e Documentos do Cart\u00f3rio do Of\u00edcio \u00danico \u2013 Pirambu\/SE, em 10 de Junho de 2011.<\/span><\/p>\n<p><span style=\"font-size: 14pt;\">Artigos assinados s\u00e3o de inteira responsabilidade de seus autores, n\u00e3o refletindo necessariamente a nossa opini\u00e3o.<\/span><\/p>\n<p style=\"text-align: right;\"><span style=\"font-size: 14pt;\">Filiado a RPCA Sergipe \u2013 Rede Popular de Comunica\u00e7\u00e3o Alternativa de Sergipe.<br \/>\n<\/span><\/p>\n","protected":false},"excerpt":{"rendered":"<p>Aqui voc\u00ea confere as capas (primeira p\u00e1gina) e o conte\u00fado das edi\u00e7\u00f5es digitais da TRIBUNA DA PRAIA em PDF. TRIBUNA DA PRAIA ABRIL-1 TRIBUNA 2023 TRIBUNA-DA-PRAIA-2019_01 TRIBUNA DA PRAIA &#8220;A fun\u00e7\u00e3o da imprensa \u00e9 ser o c\u00e3o-de-guarda, o denunciador incans\u00e1vel dos opressores, o olho onipresente e a boca onipresente do esp\u00edrito do povo que guarda com ci\u00fame sua liberdade. [&#8230;] O dever da imprensa \u00e9 tomar a palavra em favor<\/p>\n","protected":false},"author":1,"featured_media":6425,"parent":0,"menu_order":0,"comment_status":"closed","ping_status":"closed","template":"","meta":[],"yoast_head":"<!-- This site is optimized with the Yoast SEO plugin v16.3 - https:\/\/yoast.com\/wordpress\/plugins\/seo\/ -->\n<title>Edi\u00e7\u00e3o digital - TRIBUNA DA PRAIA<\/title>\n<meta name=\"robots\" content=\"index, follow, max-snippet:-1, max-image-preview:large, max-video-preview:-1\" \/>\n<link rel=\"canonical\" href=\"https:\/\/tribunadapraia.com.br\/?page_id=303\" \/>\n<meta property=\"og:locale\" content=\"pt_BR\" \/>\n<meta property=\"og:type\" content=\"article\" \/>\n<meta property=\"og:title\" content=\"Edi\u00e7\u00e3o digital - TRIBUNA DA PRAIA\" \/>\n<meta property=\"og:description\" content=\"Aqui voc\u00ea confere as capas (primeira p\u00e1gina) e o conte\u00fado das edi\u00e7\u00f5es digitais da TRIBUNA DA PRAIA em PDF. TRIBUNA DA PRAIA ABRIL-1 TRIBUNA 2023 TRIBUNA-DA-PRAIA-2019_01 TRIBUNA DA PRAIA &#8220;A fun\u00e7\u00e3o da imprensa \u00e9 ser o c\u00e3o-de-guarda, o denunciador incans\u00e1vel dos opressores, o olho onipresente e a boca onipresente do esp\u00edrito do povo que guarda com ci\u00fame sua liberdade. [&#8230;] O dever da imprensa \u00e9 tomar a palavra em favor\" \/>\n<meta property=\"og:url\" content=\"https:\/\/tribunadapraia.com.br\/?page_id=303\" \/>\n<meta property=\"og:site_name\" content=\"TRIBUNA DA PRAIA\" \/>\n<meta property=\"article:publisher\" content=\"https:\/\/www.facebook.com\/tribunadapraiaonline\/\" \/>\n<meta property=\"article:modified_time\" content=\"2023-04-05T18:36:48+00:00\" \/>\n<meta property=\"og:image\" content=\"https:\/\/tribunadapraia.com.br\/wp-content\/uploads\/2023\/04\/IMG-20230405-WA00671.jpg\" \/>\n\t<meta property=\"og:image:width\" content=\"869\" \/>\n\t<meta property=\"og:image:height\" content=\"1201\" \/>\n<meta name=\"twitter:card\" content=\"summary_large_image\" \/>\n<meta name=\"twitter:site\" content=\"@Claudomir21\" \/>\n<meta name=\"twitter:label1\" content=\"Est. tempo de leitura\">\n\t<meta name=\"twitter:data1\" content=\"2 minutos\">\n<script type=\"application\/ld+json\" class=\"yoast-schema-graph\">{\"@context\":\"https:\/\/schema.org\",\"@graph\":[{\"@type\":\"Organization\",\"@id\":\"https:\/\/tribunadapraia.com.br\/#organization\",\"name\":\"Tribuna da Praia\",\"url\":\"https:\/\/tribunadapraia.com.br\/\",\"sameAs\":[\"https:\/\/www.facebook.com\/tribunadapraiaonline\/\",\"https:\/\/www.instagram.com\/claudomirtavares\/\",\"https:\/\/www.youtube.com\/channel\/UCwQf80nxiMzCefAyjbp53Rw\",\"https:\/\/twitter.com\/Claudomir21\"],\"logo\":{\"@type\":\"ImageObject\",\"@id\":\"https:\/\/tribunadapraia.com.br\/#logo\",\"inLanguage\":\"pt-BR\",\"url\":\"https:\/\/tribunadapraia.com.br\/wp-content\/uploads\/2020\/02\/logo.png\",\"contentUrl\":\"https:\/\/tribunadapraia.com.br\/wp-content\/uploads\/2020\/02\/logo.png\",\"width\":501,\"height\":121,\"caption\":\"Tribuna da Praia\"},\"image\":{\"@id\":\"https:\/\/tribunadapraia.com.br\/#logo\"}},{\"@type\":\"WebSite\",\"@id\":\"https:\/\/tribunadapraia.com.br\/#website\",\"url\":\"https:\/\/tribunadapraia.com.br\/\",\"name\":\"TRIBUNA DA PRAIA\",\"description\":\"O 1\\u00ba jornal do interior de Sergipe na internet\",\"publisher\":{\"@id\":\"https:\/\/tribunadapraia.com.br\/#organization\"},\"potentialAction\":[{\"@type\":\"SearchAction\",\"target\":\"https:\/\/tribunadapraia.com.br\/?s={search_term_string}\",\"query-input\":\"required name=search_term_string\"}],\"inLanguage\":\"pt-BR\"},{\"@type\":\"ImageObject\",\"@id\":\"https:\/\/tribunadapraia.com.br\/?page_id=303#primaryimage\",\"inLanguage\":\"pt-BR\",\"url\":\"https:\/\/tribunadapraia.com.br\/wp-content\/uploads\/2023\/04\/IMG-20230405-WA00671.jpg\",\"contentUrl\":\"https:\/\/tribunadapraia.com.br\/wp-content\/uploads\/2023\/04\/IMG-20230405-WA00671.jpg\",\"width\":869,\"height\":1201},{\"@type\":\"WebPage\",\"@id\":\"https:\/\/tribunadapraia.com.br\/?page_id=303#webpage\",\"url\":\"https:\/\/tribunadapraia.com.br\/?page_id=303\",\"name\":\"Edi\\u00e7\\u00e3o digital - TRIBUNA DA PRAIA\",\"isPartOf\":{\"@id\":\"https:\/\/tribunadapraia.com.br\/#website\"},\"primaryImageOfPage\":{\"@id\":\"https:\/\/tribunadapraia.com.br\/?page_id=303#primaryimage\"},\"datePublished\":\"2023-03-22T23:00:35+00:00\",\"dateModified\":\"2023-04-05T18:36:48+00:00\",\"breadcrumb\":{\"@id\":\"https:\/\/tribunadapraia.com.br\/?page_id=303#breadcrumb\"},\"inLanguage\":\"pt-BR\",\"potentialAction\":[{\"@type\":\"ReadAction\",\"target\":[\"https:\/\/tribunadapraia.com.br\/?page_id=303\"]}]},{\"@type\":\"BreadcrumbList\",\"@id\":\"https:\/\/tribunadapraia.com.br\/?page_id=303#breadcrumb\",\"itemListElement\":[{\"@type\":\"ListItem\",\"position\":1,\"item\":{\"@type\":\"WebPage\",\"@id\":\"https:\/\/tribunadapraia.com.br\/\",\"url\":\"https:\/\/tribunadapraia.com.br\/\",\"name\":\"In\\u00edcio\"}},{\"@type\":\"ListItem\",\"position\":2,\"item\":{\"@id\":\"https:\/\/tribunadapraia.com.br\/?page_id=303#webpage\"}}]}]}<\/script>\n<!-- \/ Yoast SEO plugin. -->","wps_subtitle":"","_links":{"self":[{"href":"https:\/\/tribunadapraia.com.br\/index.php?rest_route=\/wp\/v2\/pages\/303"}],"collection":[{"href":"https:\/\/tribunadapraia.com.br\/index.php?rest_route=\/wp\/v2\/pages"}],"about":[{"href":"https:\/\/tribunadapraia.com.br\/index.php?rest_route=\/wp\/v2\/types\/page"}],"author":[{"embeddable":true,"href":"https:\/\/tribunadapraia.com.br\/index.php?rest_route=\/wp\/v2\/users\/1"}],"replies":[{"embeddable":true,"href":"https:\/\/tribunadapraia.com.br\/index.php?rest_route=%2Fwp%2Fv2%2Fcomments&post=303"}],"version-history":[{"count":11,"href":"https:\/\/tribunadapraia.com.br\/index.php?rest_route=\/wp\/v2\/pages\/303\/revisions"}],"predecessor-version":[{"id":6427,"href":"https:\/\/tribunadapraia.com.br\/index.php?rest_route=\/wp\/v2\/pages\/303\/revisions\/6427"}],"wp:featuredmedia":[{"embeddable":true,"href":"https:\/\/tribunadapraia.com.br\/index.php?rest_route=\/wp\/v2\/media\/6425"}],"wp:attachment":[{"href":"https:\/\/tribunadapraia.com.br\/index.php?rest_route=%2Fwp%2Fv2%2Fmedia&parent=303"}],"curies":[{"name":"wp","href":"https:\/\/api.w.org\/{rel}","templated":true}]}}